{"id":11,"date":"2020-12-29T10:31:16","date_gmt":"2020-12-29T10:31:16","guid":{"rendered":"https:\/\/www.nina-nico.de\/?page_id=11"},"modified":"2025-05-26T11:48:49","modified_gmt":"2025-05-26T11:48:49","slug":"aktuelles","status":"publish","type":"page","link":"https:\/\/www.nina-nico.de\/?page_id=11","title":{"rendered":"Aktuelles"},"content":{"rendered":"\n\n\t<div id=\"metaslider-id-236\" style=\"max-width: 800px; margin: 0 auto;\" class=\"ml-slider-3-36-0 metaslider metaslider-flex metaslider-236 ml-slider ms-theme-default\" role=\"region\" aria-roledescription=\"Slideshow\" aria-label=\"Neue Slideshow\">\n    <div id=\"metaslider_container_236\">\n        <div id=\"metaslider_236\">\n            <ul aria-live=\"polite\" class=\"slides\">\n                <li style=\"display: block; width: 100%;\" class=\"slide-494 ms-image\" aria-roledescription=\"slide\" aria-label=\"slide-494\"><a href=\"https:\/\/www.nina-nico.de\/wp-content\/uploads\/2025\/05\/IMG_14111.jpg\" target=\"_blank\"><img src=\"https:\/\/www.nina-nico.de\/wp-content\/uploads\/2025\/05\/IMG_14111-800x300.jpg\" height=\"300\" width=\"800\" alt=\"\" class=\"slider-236 slide-494\" \/><\/a><div class=\"caption-wrap\"><div class=\"caption\">5.000\u20ac \u00fcbergaben die Auszubildenden der Fa. BPW Bergische Achsen,\n\nmit Ihrer Ausbildungsleiterin Frau Geldmacher an nina+nico e.V. Vorstandsfrauen Dagmar Steinmann und Monica Weispfennig<\/div><\/div><\/li>\n                <li style=\"display: none; width: 100%;\" class=\"slide-487 ms-image\" aria-roledescription=\"slide\" aria-label=\"slide-487\"><a href=\"https:\/\/www.nina-nico.de\/?page_id=485\" target=\"_blank\"><img src=\"https:\/\/www.nina-nico.de\/wp-content\/uploads\/2024\/11\/IMG_8939-scaled-800x300.jpg\" height=\"300\" width=\"800\" alt=\"\" class=\"slider-236 slide-487\" title=\"Oberberg sagt NEIN zu Gewalt!\" \/><\/a><div class=\"caption-wrap\"><div class=\"caption\">Oberberg sagt NEIN zu Gewalt!<\/div><\/div><\/li>\n                <li style=\"display: none; width: 100%;\" class=\"slide-481 ms-image\" aria-roledescription=\"slide\" aria-label=\"slide-481\"><a href=\"https:\/\/www.nina-nico.de\/?page_id=477\" target=\"_blank\"><img src=\"https:\/\/www.nina-nico.de\/wp-content\/uploads\/2024\/11\/IMG_5724-scaled-800x300.jpeg\" height=\"300\" width=\"800\" alt=\"\" class=\"slider-236 slide-481\" \/><\/a><\/li>\n                <li style=\"display: none; width: 100%;\" class=\"slide-457 ms-image\" aria-roledescription=\"slide\" aria-label=\"slide-457\"><a href=\"https:\/\/www.oberberg-aktuell.de\/soziales\/erl--s---------euro-gespendet-a-103806\" target=\"_blank\"><img src=\"https:\/\/www.nina-nico.de\/wp-content\/uploads\/2024\/07\/27-06-2024Wheel-vor-800x300.jpg\" height=\"300\" width=\"800\" alt=\"\" class=\"slider-236 slide-457\" \/><\/a><div class=\"caption-wrap\"><div class=\"caption\">Gummersbach - Nina+Nico und Ambulanter Hospizdienst freuen sich \u00fcber Finanzspitzen vom Inner Wheel Club, die jeweils dem laufenden Betrieb zukommt.<\/div><\/div><\/li>\n                <li style=\"display: none; width: 100%;\" class=\"slide-454 ms-image\" aria-roledescription=\"slide\" aria-label=\"slide-454\"><a href=\"https:\/\/www.nina-nico.de\/wp-content\/uploads\/2024\/04\/IMG_2707.png\" target=\"_blank\"><img src=\"https:\/\/www.nina-nico.de\/wp-content\/uploads\/2024\/04\/IMG_2707-800x300.png\" height=\"300\" width=\"800\" alt=\"\" class=\"slider-236 slide-454\" \/><\/a><div class=\"caption-wrap\"><div class=\"caption\">Spenden\u00fcbergabe der Weihnachtsmarktaktion der BPW-Auszubildenden<\/div><\/div><\/li>\n                <li style=\"display: none; width: 100%;\" class=\"slide-436 ms-image\" aria-roledescription=\"slide\" aria-label=\"slide-436\"><a href=\"https:\/\/www.nina-nico.de\/?page_id=431\" target=\"_blank\"><img src=\"https:\/\/www.nina-nico.de\/wp-content\/uploads\/2023\/07\/IMG_3442-800x300.jpg\" height=\"300\" width=\"800\" alt=\"\" class=\"slider-236 slide-436\" \/><\/a><\/li>\n                <li style=\"display: none; width: 100%;\" class=\"slide-424 ms-image\" aria-roledescription=\"slide\" aria-label=\"slide-424\"><a href=\"https:\/\/www.nina-nico.de\/wp-content\/uploads\/2023\/04\/nina-nico-Infostand.jpg\" target=\"_blank\"><img src=\"https:\/\/www.nina-nico.de\/wp-content\/uploads\/2023\/04\/nina-nico-Infostand-800x300.jpg\" height=\"300\" width=\"800\" alt=\"\" class=\"slider-236 slide-424\" \/><\/a><div class=\"caption-wrap\"><div class=\"caption\">nina-nico e.V. Infostand am 23.04.2023<\/div><\/div><\/li>\n                <li style=\"display: none; width: 100%;\" class=\"slide-413 ms-image\" aria-roledescription=\"slide\" aria-label=\"slide-413\"><a href=\"https:\/\/www.oberberg-aktuell.de\/soziales\/----jahre-musikgeschichte-f--r-nina-nico-a-88771\" target=\"_self\"><img src=\"https:\/\/www.nina-nico.de\/wp-content\/uploads\/2023\/02\/25-02-2023nina-vor1-800x300.jpg\" height=\"300\" width=\"800\" alt=\"\" class=\"slider-236 slide-413\" \/><\/a><\/li>\n                <li style=\"display: none; width: 100%;\" class=\"slide-365 ms-image\" aria-roledescription=\"slide\" aria-label=\"slide-365\"><a href=\"https:\/\/www.rundschau-online.de\/region\/oberberg\/neue-kooperation-mehr-rat-und-hilfe-fuer-missbrauchte-kinder-in-oberberg-39708222\" target=\"_self\"><img src=\"https:\/\/www.nina-nico.de\/wp-content\/uploads\/2022\/08\/RundschauOnline-800x300.jpg\" height=\"300\" width=\"800\" alt=\"\" class=\"slider-236 slide-365\" \/><\/a><\/li>\n                <li style=\"display: none; width: 100%;\" class=\"slide-320 ms-image\" aria-roledescription=\"slide\" aria-label=\"slide-320\"><a href=\"https:\/\/www.oberberg-aktuell.de\/gummersbach\/lnner-wheel-club-gummersbach-unterst--tzt-nina-nico-a-49347\" target=\"_self\"><img src=\"https:\/\/www.nina-nico.de\/wp-content\/uploads\/2021\/07\/23-06-2021ninanico-vor1-800x300.jpg\" height=\"300\" width=\"800\" alt=\"\" class=\"slider-236 slide-320\" \/><\/a><\/li>\n                <li style=\"display: none; width: 100%;\" class=\"slide-311 ms-image\" aria-roledescription=\"slide\" aria-label=\"slide-311\"><a href=\"https:\/\/www.oberberg-aktuell.de\/soziales\/ein-anker-bei-gewalterfahrungen-a-47461\" target=\"_self\"><img src=\"https:\/\/www.nina-nico.de\/wp-content\/uploads\/2021\/06\/Screenshot_20210606-194330_Chrome-800x300.jpg\" height=\"300\" width=\"800\" alt=\"\" class=\"slider-236 slide-311\" \/><\/a><\/li>\n                <li style=\"display: none; width: 100%;\" class=\"slide-269 ms-image\" aria-roledescription=\"slide\" aria-label=\"slide-269\"><a href=\"https:\/\/www.nina-nico.de\/wp-content\/uploads\/2021\/01\/20210115_100813-scaled-e1610702662525.jpg\" target=\"_self\"><img src=\"https:\/\/www.nina-nico.de\/wp-content\/uploads\/2021\/01\/20210115_100813-scaled-e1610702662525-800x300.jpg\" height=\"300\" width=\"800\" alt=\"\" class=\"slider-236 slide-269\" \/><\/a><\/li>\n                <li style=\"display: none; width: 100%;\" class=\"slide-245 ms-image\" aria-roledescription=\"slide\" aria-label=\"slide-245\"><a href=\"https:\/\/www.nina-nico.de\/wp-content\/uploads\/2020\/12\/05-05-2020ninanico-vor1.jpg\" target=\"_self\"><img src=\"https:\/\/www.nina-nico.de\/wp-content\/uploads\/2020\/12\/05-05-2020ninanico-vor1-800x300.jpg\" height=\"300\" width=\"800\" alt=\"\" class=\"slider-236 slide-245\" \/><\/a><\/li>\n            <\/ul>\n        <\/div>\n        \n    <\/div>\n<\/div>\n<p>Zur vollen Ansicht oder zum \u00d6ffnen des Artikels bitte auf das entsprechende Bild klicken.<\/p>\n<p>&nbsp;<\/p>\n<p><strong>Jahres-R\u00fcckblick 2024<\/strong><\/p>\n<p><strong>nina+nico e.V.<\/strong><\/p>\n<p>&nbsp;<\/p>\n<p>Liebe Unterst\u00fctzerinnen und Unterst\u00fctzer von nina+nico e.V.,<\/p>\n<p>sehr geehrte Damen und Herren,<\/p>\n<p>wie in jedem Jahr m\u00f6chten wir uns ganz herzlich f\u00fcr Ihre gro\u00dfz\u00fcgigen und hilfreichen Spenden bedanken! Dass Sie so zuverl\u00e4ssig zur Finanzierung unserer Arbeit &#8211; der psychosozialen Unterst\u00fctzung von M\u00e4dchen, Jungen und Frauen nach Gewalterfahrungen &#8211; beitragen, ist f\u00fcr uns stets Lob und Ansporn zugleich.<\/p>\n<p>Unsere Ausgaben beliefen sich im Jahr 2023 auf etwas \u00fcber 94.000 \u20ac. Durch den Zuschuss des Kreisjugendhilfeausschuss und die Zahlungen der beiden Gleichstellungsbeauftragten von Wiehl und Waldbr\u00f6l wurden 10.479\u20ac abgedeckt. Die gro\u00dfe Differenz musste &#8211; wie seit Beginn unserer Arbeit &#8211; erneut durch Ihre Spenden finanziert werden.<\/p>\n<p>Die nina+nico e.V. Statistik f\u00fcr 2023 weist 485 neue Einzelberatungen auf (insgesamt 9404). Auch in diesem Jahr lag der haupts\u00e4chliche Beratungsbedarf im Bereich sexualisierter Gewalt, gefolgt von den Bereichen pers\u00f6nliche Konflikte, famili\u00e4re Probleme, schulische Probleme und k\u00f6rperliche Gewalt.<\/p>\n<p>Im Bereich der Resilienzarbeit haben wir 127 Kinder (insgesamt 763) sowie deren Erziehungsberechtigte je nach Schwere der F\u00e4lle \u00fcber einen l\u00e4ngeren Zeitraum beraten. Die Anzahl der Anfragen best\u00e4tigt die dringende Notwendigkeit dieser Beratungsarbeit.<\/p>\n<p>Weiterhin beraten und schulen wir durch unsere Kinderschutzfachkr\u00e4fte in neun Kindertagesst\u00e4tten die dortigen Mitarbeiter*innen in dem sensiblen Bereich des Verdachts auf Kindeswohlgef\u00e4hrdung und beraten Lehrkr\u00e4fte der weiterf\u00fchrenden Schulen zum Thema Kinderschutz und Pr\u00e4vention. Zudem sind wir an 10 weiterf\u00fchrenden Schulen, dazu Kinderg\u00e4rten, Familienzentren, Grund- und F\u00f6rderschulen des Oberbergischen Kreises pr\u00e4ventiv-beratend t\u00e4tig.<\/p>\n<p>Unsere ausgebildete Fachberaterin bietet seit dem Schuljahr 2023\/2024 ein kunsttherapeutisches Projekt f\u00fcr traumatisierte Sch\u00fcler*innen an der Roseggerschule in Waldbr\u00f6l an.<\/p>\n<p>Durch Ihre gro\u00dfz\u00fcgige Spendenbereitschaft der vergangenen Jahre, erm\u00f6glichten Sie es, die fachliche Expertise von nina+nico e.V. immer weiter auf- und auszubauen, so dass die Beratungsstelle einen anerkannten und fest etablierten Platz in der Beratungslandschaft des Oberbergischen Kreises einnimmt.<\/p>\n<p>Das Grundschul-Pr\u00e4ventionsprojekt unserer spendenfinanzierten Medienp\u00e4dagogin wird weiterhin sehr gut angenommen. In diesem Jahr konnten wir an f\u00fcnf Grundschulen sowie drei F\u00f6rderschulen insgesamt 30 Veranstaltungen zu verschiedenen Themen wie z.B. Cybermobbing oder Mut und Gef\u00fchle durchf\u00fchren. Im Anschluss an die Pr\u00e4ventionsveranstaltungen wird von den Fachkr\u00e4ften eine Beratungsstunde vor Ort angeboten. Viele der \u00fcber 570 angesprochenen Kinder hatten im Anschluss zus\u00e4tzlichen Beratungsbedarf. Auch an den weiterf\u00fchrenden Schulen wurden Pr\u00e4ventionsveranstaltungen durchgef\u00fchrt.<\/p>\n<p>Seit dem 01. Juli 2022 sind wir spezialisierte Fachberatungsstelle bei sexueller Gewalt gegen Kinder, Jugendliche und junge Erwachsene. Die zwei Vollzeit\u00e4quivalenten Stellen &#8211; verteilt auf drei Festangestellte &#8211; werden durch das F\u00f6rderprogramm NRW und durch Erg\u00e4nzung kommunaler Mittel finanziert. Dar\u00fcber hinaus bleiben f\u00fcr den Verein die gro\u00dfen zus\u00e4tzlichen finanziellen Anforderungen &#8211; auch bedingt durch die Kostenexplosion &#8211; f\u00fcr Miete, Verwaltung, Pr\u00e4ventionsarbeit, sowie den Beratungsbereichen, die au\u00dferhalb der sexualisierten Gewalt liegen. Vor allem f\u00fcr die Kinder, Jugendlichen und Frauen, die stark emotional traumatisiert sind, oder andere Formen von Gewalt, wie Stalking, Cyberkriminalit\u00e4t oder Fluchterfahrung erleben mussten.<\/p>\n<p>&nbsp;<\/p>\n<p>Vergessen m\u00f6chten wir nicht, Ihnen mitzuteilen, dass wir nach sehr unerfreulichen Erfahrungen wegen schwarzen Schimmels mit unserem Vermieter in der Kaiserstra\u00dfe, seit Anfang August 2024 ein neues Zuhause f\u00fcr alle unsere Beratungsbereiche in Niedersessmar gefunden haben. Unser Dank gilt insbesondere unserem B\u00fcrgermeister, Frank Helmenstein, f\u00fcr die Vermittlung und dem gro\u00dfz\u00fcgigen Entgegenkommen von Markus Krampe, Entertainment Group.<\/p>\n<p>&nbsp;<\/p>\n<p>Damit wir weiterhin beraten sowie die notwendigen Schritte immer wieder angehen k\u00f6nnen, bitten wir Sie &#8211; mehr denn je &#8211; um Unterst\u00fctzung.<\/p>\n<p>&nbsp;<\/p>\n<p>Ihre Hilfe hilft uns helfen!<\/p>\n<p>&nbsp;<\/p>\n<p>Mit freundlichen Gr\u00fc\u00dfen<\/p>\n<p><em>\u00a0<\/em><\/p>\n<p>F\u00fcr den Vorstand<\/p>\n<p>Monica Weispfennig<\/p>\n<p>&nbsp;<\/p>\n<p>&nbsp;<\/p>\n<p>&nbsp;<\/p>\n\n","protected":false},"excerpt":{"rendered":"<p>Zur vollen Ansicht oder zum \u00d6ffnen des Artikels bitte auf das entsprechende Bild klicken. &nbsp; Jahres-R\u00fcckblick 2024 nina+nico e.V. &nbsp; Liebe Unterst\u00fctzerinnen und Unterst\u00fctzer von nina+nico e.V., sehr geehrte Damen und Herren, wie in jedem Jahr m\u00f6chten wir uns ganz herzlich f\u00fcr Ihre gro\u00dfz\u00fcgigen und hilfreichen Spenden bedanken! Dass Sie so zuverl\u00e4ssig zur Finanzierung unserer&hellip;&nbsp;<a href=\"https:\/\/www.nina-nico.de\/?page_id=11\" class=\"\" rel=\"bookmark\">Weiterlesen &raquo;<span class=\"screen-reader-text\">Aktuelles<\/span><\/a><\/p>\n","protected":false},"author":1,"featured_media":0,"parent":0,"menu_order":0,"comment_status":"closed","ping_status":"closed","template":"","meta":{"neve_meta_sidebar":"","neve_meta_container":"","neve_meta_enable_content_width":"off","neve_meta_content_width":0,"neve_meta_title_alignment":"","neve_meta_author_avatar":"","neve_post_elements_order":"","neve_meta_disable_header":"","neve_meta_disable_footer":"","neve_meta_disable_title":"","_ti_tpc_template_sync":false,"_ti_tpc_template_id":""},"_links":{"self":[{"href":"https:\/\/www.nina-nico.de\/index.php?rest_route=\/wp\/v2\/pages\/11"}],"collection":[{"href":"https:\/\/www.nina-nico.de\/index.php?rest_route=\/wp\/v2\/pages"}],"about":[{"href":"https:\/\/www.nina-nico.de\/index.php?rest_route=\/wp\/v2\/types\/page"}],"author":[{"embeddable":true,"href":"https:\/\/www.nina-nico.de\/index.php?rest_route=\/wp\/v2\/users\/1"}],"replies":[{"embeddable":true,"href":"https:\/\/www.nina-nico.de\/index.php?rest_route=%2Fwp%2Fv2%2Fcomments&post=11"}],"version-history":[{"count":20,"href":"https:\/\/www.nina-nico.de\/index.php?rest_route=\/wp\/v2\/pages\/11\/revisions"}],"predecessor-version":[{"id":497,"href":"https:\/\/www.nina-nico.de\/index.php?rest_route=\/wp\/v2\/pages\/11\/revisions\/497"}],"wp:attachment":[{"href":"https:\/\/www.nina-nico.de\/index.php?rest_route=%2Fwp%2Fv2%2Fmedia&parent=11"}],"curies":[{"name":"wp","href":"https:\/\/api.w.org\/{rel}","templated":true}]}}